{"id":113,"date":"2024-11-04T17:34:27","date_gmt":"2024-11-04T17:34:27","guid":{"rendered":"https:\/\/chevaliersdecolomb3206.org\/?page_id=113"},"modified":"2026-02-15T09:34:53","modified_gmt":"2026-02-15T14:34:53","slug":"comite-executif","status":"publish","type":"page","link":"https:\/\/chevaliersdecolomb3206.org\/?page_id=113","title":{"rendered":"Comit\u00e9 ex\u00e9cutif"},"content":{"rendered":"\n[et_pb_section fb_built=\u00a0\u00bb1&Prime; _builder_version=\u00a0\u00bb4.27.2&Prime; _module_preset=\u00a0\u00bbdefault\u00a0\u00bb global_colors_info=\u00a0\u00bb{}\u00a0\u00bb][et_pb_row _builder_version=\u00a0\u00bb4.27.2&Prime; _module_preset=\u00a0\u00bbdefault\u00a0\u00bb global_colors_info=\u00a0\u00bb{}\u00a0\u00bb][et_pb_column type=\u00a0\u00bb4_4&Prime; _builder_version=\u00a0\u00bb4.27.2&Prime; _module_preset=\u00a0\u00bbdefault\u00a0\u00bb global_colors_info=\u00a0\u00bb{}\u00a0\u00bb][et_pb_text _builder_version=\u00a0\u00bb4.27.4&Prime; _module_preset=\u00a0\u00bbdefault\u00a0\u00bb hover_enabled=\u00a0\u00bb0&Prime; global_colors_info=\u00a0\u00bb{}\u00a0\u00bb sticky_enabled=\u00a0\u00bb0&Prime;]<h1 style=\"text-align: center;\"><u>Notre ex\u00e9cutif 2026<\/u><\/h1>[\/et_pb_text][et_pb_text _builder_version=\u00a0\u00bb4.27.4&Prime; _module_preset=\u00a0\u00bbdefault\u00a0\u00bb min_height=\u00a0\u00bb720px\u00a0\u00bb custom_margin=\u00a0\u00bb17px|||||\u00a0\u00bb custom_padding=\u00a0\u00bb||0px|||\u00a0\u00bb global_colors_info=\u00a0\u00bb{}\u00a0\u00bb]<p><span style=\"font-size: large;\">\u00a0<\/span><\/p>\n<table width=\"1079\" border=\"0\" height=\"773\" style=\"height: 668px; width: 981px;\">\n<tbody>\n<tr style=\"height: 34px;\">\n<td style=\"width: 403.478px; height: 34px;\"><span style=\"font-size: large;\">Aum\u00f4nier :<\/span><\/td>\n<td style=\"width: 345.285px; height: 34px;\"><span style=\"font-size: large;\">vacant\u00a0<\/span><\/td>\n<td style=\"width: 213.614px; height: 34px;\"><\/td>\n<\/tr>\n<tr style=\"height: 34px;\">\n<td style=\"width: 403.478px; height: 34px;\"><span style=\"font-size: large;\">Grand Chevalier :<\/span><\/td>\n<td style=\"width: 345.285px; height: 34px;\"><span style=\"font-size: large;\">C\u00e9drick Graveline<\/span><\/td>\n<td style=\"width: 213.614px; height: 34px;\"><span style=\"font-size: large;\">Tel : <span>450-346-6575<\/span><\/span><\/td>\n<\/tr>\n<tr style=\"height: 34px;\">\n<td style=\"width: 403.478px; height: 34px;\"><span style=\"font-size: large;\">D\u00e9put\u00e9 Grand Chevalier :\u00a0<\/span><\/td>\n<td style=\"width: 345.285px; height: 34px;\"><span style=\"font-size: large;\">Donald Poudrette<\/span><\/td>\n<td style=\"width: 213.614px; height: 34px;\"><\/td>\n<\/tr>\n<tr style=\"height: 34px;\">\n<td style=\"width: 403.478px; height: 34px;\"><span style=\"font-size: large;\">Secr\u00e9taire financier :<\/span><\/td>\n<td style=\"width: 345.285px; height: 34px;\"><\/td>\n<td style=\"width: 213.614px; height: 34px;\"><\/td>\n<\/tr>\n<tr style=\"height: 34px;\">\n<td style=\"width: 403.478px; height: 34px;\"><span style=\"font-size: large;\">Secr\u00e9taire tr\u00e9sorier :<\/span><\/td>\n<td style=\"width: 345.285px; height: 34px;\"><span style=\"font-size: large;\">Rene Pellerin<\/span><\/td>\n<td style=\"width: 213.614px; height: 34px;\"><\/td>\n<\/tr>\n<tr style=\"height: 26px;\">\n<td height=\"24\" style=\"width: 403.478px; height: 26px;\"><span style=\"font-size: large;\">Secr\u00e9taire archiviste :<\/span><\/td>\n<td style=\"width: 345.285px; height: 26px;\"><\/td>\n<td style=\"width: 213.614px; height: 26px;\"><span style=\"font-size: large;\">\u00a0<\/span><\/td>\n<\/tr>\n<tr style=\"height: 34px;\">\n<td style=\"width: 403.478px; height: 34px;\"><span style=\"font-size: large;\">Chancelier :<\/span><\/td>\n<td style=\"width: 345.285px; height: 34px;\"><span style=\"font-size: large;\">Robert Mercier<\/span><\/td>\n<td style=\"width: 213.614px; height: 34px;\"><\/td>\n<\/tr>\n<tr style=\"height: 34px;\">\n<td style=\"width: 403.478px; height: 34px;\"><span style=\"font-size: large;\">Aviseur :<\/span><\/td>\n<td style=\"width: 345.285px; height: 34px;\"><span style=\"font-size: large;\">Roger Richardson<\/span><\/td>\n<td style=\"width: 213.614px; height: 34px;\"><\/td>\n<\/tr>\n<tr style=\"height: 34px;\">\n<td style=\"width: 403.478px; height: 34px;\"><span style=\"font-size: large;\">C\u00e9r\u00e9moniaire :<\/span><\/td>\n<td style=\"width: 345.285px; height: 34px;\"><span style=\"font-size: large;\">Gerard Fortin<\/span><\/td>\n<td style=\"width: 213.614px; height: 34px;\"><\/td>\n<\/tr>\n<tr style=\"height: 34px;\">\n<td style=\"width: 403.478px; height: 34px;\"><span style=\"font-size: large;\">Intendant :<\/span><\/td>\n<td style=\"width: 345.285px; height: 34px;\"><span style=\"font-size: large;\">Roger Richardson<\/span><\/td>\n<td style=\"width: 213.614px; height: 34px;\"><\/td>\n<\/tr>\n<tr style=\"height: 10px;\">\n<td style=\"width: 403.478px; height: 10px;\"><span style=\"font-size: large;\">Sentinelle Ext\u00e9rieure :<\/span><\/td>\n<td style=\"width: 345.285px; height: 10px;\"><span style=\"font-size: large;\">Sylvain Clement<\/span><\/td>\n<td style=\"width: 213.614px; height: 10px;\"><\/td>\n<\/tr>\n<tr style=\"height: 10px;\">\n<td style=\"width: 403.478px; height: 10px;\"><span class=\"Style1\" style=\"font-size: large;\">Sentinelle Int\u00e9rieure :<\/span><\/td>\n<td style=\"width: 345.285px; height: 10px;\"><\/td>\n<td style=\"width: 213.614px; height: 10px;\"><\/td>\n<\/tr>\n<tr style=\"height: 0px;\">\n<td style=\"width: 403.478px; height: 0px;\"><span style=\"font-size: large;\">Syndic 1 \u00e8re ann\u00e9e :<\/span><\/td>\n<td style=\"width: 345.285px; height: 0px;\"><\/td>\n<td style=\"width: 213.614px; height: 0px;\"><\/td>\n<\/tr>\n<tr style=\"height: 10px;\">\n<td style=\"width: 403.478px; height: 10px;\"><span style=\"font-size: large;\">Syndic 2 i\u00e8me ann\u00e9e :<\/span><\/td>\n<td style=\"width: 345.285px; height: 10px;\"><span style=\"font-size: large;\">Yvon Bernier<\/span><\/td>\n<td style=\"width: 213.614px; height: 10px;\"><\/td>\n<\/tr>\n<tr style=\"height: 34px;\">\n<td style=\"width: 403.478px; height: 34px;\"><span style=\"font-size: large;\">Syndic 3 i\u00e8me ann\u00e9e :<\/span><\/td>\n<td style=\"width: 345.285px; height: 34px;\"><span style=\"font-size: large;\">Michel Boucher<\/span><\/td>\n<td style=\"width: 213.614px; height: 34px;\"><\/td>\n<\/tr>\n<tr style=\"height: 34px;\">\n<td style=\"width: 403.478px; height: 34px;\"><span style=\"font-size: large;\">Porte-drapeau :<\/span><\/td>\n<td style=\"width: 345.285px; height: 34px;\"><\/td>\n<td style=\"width: 213.614px; height: 34px;\"><\/td>\n<\/tr>\n<tr style=\"height: 34px;\">\n<td style=\"width: 403.478px; height: 34px;\"><span style=\"font-size: large;\">D\u00e9put\u00e9 de District :<\/span><\/td>\n<td style=\"width: 345.285px; height: 34px;\"><span style=\"font-size: large;\">\u00a0<\/span><\/td>\n<td style=\"width: 213.614px; height: 34px;\"><\/td>\n<\/tr>\n<tr style=\"height: 34px;\">\n<td style=\"width: 403.478px; height: 34px;\"><span style=\"font-size: large;\">Publiciste\u00a0:<\/span><\/td>\n<td style=\"width: 345.285px; height: 34px;\"><span style=\"font-size: large;\">Michel Choquette<\/span><\/td>\n<td style=\"width: 213.614px; height: 34px;\"><\/td>\n<\/tr>\n<tr style=\"height: 34px;\">\n<td style=\"width: 403.478px; height: 34px;\"><\/td>\n<td style=\"width: 345.285px; height: 34px;\"><\/td>\n<td style=\"width: 213.614px; height: 34px;\"><\/td>\n<\/tr>\n<tr style=\"height: 34px;\">\n<td style=\"width: 403.478px; height: 34px;\"><\/td>\n<td style=\"width: 345.285px; height: 34px;\"><\/td>\n<td style=\"width: 213.614px; height: 34px;\"><\/td>\n<\/tr>\n<tr style=\"height: 34px;\">\n<td style=\"width: 403.478px; height: 34px;\"><\/td>\n<td style=\"width: 345.285px; height: 34px;\"><\/td>\n<td style=\"width: 213.614px; height: 34px;\"><\/td>\n<\/tr>\n<tr style=\"height: 34px;\">\n<td style=\"width: 403.478px; height: 34px;\"><\/td>\n<td style=\"width: 345.285px; height: 34px;\"><\/td>\n<td style=\"width: 213.614px; height: 34px;\"><\/td>\n<\/tr>\n<tr style=\"height: 34px;\">\n<td style=\"width: 403.478px; height: 34px;\"><\/td>\n<td style=\"width: 345.285px; height: 34px;\"><\/td>\n<td style=\"text-align: left; width: 213.614px; height: 34px;\"><\/td>\n<\/tr>\n<\/tbody>\n<\/table>\n<p>&nbsp;<\/p>[\/et_pb_text][\/et_pb_column][\/et_pb_row][et_pb_row _builder_version=\u00a0\u00bb4.27.2&Prime; _module_preset=\u00a0\u00bbdefault\u00a0\u00bb global_colors_info=\u00a0\u00bb{}\u00a0\u00bb][et_pb_column type=\u00a0\u00bb4_4&Prime; _builder_version=\u00a0\u00bb4.27.2&Prime; _module_preset=\u00a0\u00bbdefault\u00a0\u00bb global_colors_info=\u00a0\u00bb{}\u00a0\u00bb][et_pb_text _builder_version=\u00a0\u00bb4.27.2&Prime; _module_preset=\u00a0\u00bbdefault\u00a0\u00bb global_colors_info=\u00a0\u00bb{}\u00a0\u00bb]<p align=\"center\">veillez prendre note, au sujet des modification de nom ou de statut sur cette page,<\/p>\n<p align=\"center\" style=\"text-align: center;\">que seul un vote par \u00e9lection suite a une d\u00e9mision ou fin de mandat peu modifier cette liste.<\/p>[\/et_pb_text][\/et_pb_column][\/et_pb_row][et_pb_row _builder_version=\u00a0\u00bb4.27.2&Prime; _module_preset=\u00a0\u00bbdefault\u00a0\u00bb global_colors_info=\u00a0\u00bb{}\u00a0\u00bb][et_pb_column type=\u00a0\u00bb4_4&Prime; _builder_version=\u00a0\u00bb4.27.2&Prime; _module_preset=\u00a0\u00bbdefault\u00a0\u00bb global_colors_info=\u00a0\u00bb{}\u00a0\u00bb][et_pb_text _builder_version=\u00a0\u00bb4.27.2&Prime; _module_preset=\u00a0\u00bbdefault\u00a0\u00bb global_colors_info=\u00a0\u00bb{}\u00a0\u00bb]<p><strong>Si vous d\u00e9sirez ajouter votre courriel ou corection sur cette page communiqu\u00e9 avec moi.<\/strong><span>\u00a0<\/span><\/p>[\/et_pb_text][\/et_pb_column][\/et_pb_row][\/et_pb_section]\n","protected":false},"excerpt":{"rendered":"<p>Notre ex\u00e9cutif 2026\u00a0 Aum\u00f4nier : vacant\u00a0 Grand Chevalier : C\u00e9drick Graveline Tel : 450-346-6575 D\u00e9put\u00e9 Grand Chevalier :\u00a0 Donald Poudrette Secr\u00e9taire financier : Secr\u00e9taire tr\u00e9sorier : Rene Pellerin Secr\u00e9taire archiviste : \u00a0 Chancelier : Robert Mercier Aviseur : Roger Richardson C\u00e9r\u00e9moniaire : Gerard Fortin Intendant : Roger Richardson Sentinelle Ext\u00e9rieure : Sylvain Clement Sentinelle Int\u00e9rieure [&hellip;]<\/p>\n","protected":false},"author":1,"featured_media":0,"parent":0,"menu_order":0,"comment_status":"closed","ping_status":"closed","template":"","meta":{"_et_pb_use_builder":"on","_et_pb_old_content":"","_et_gb_content_width":"","footnotes":""},"class_list":["post-113","page","type-page","status-publish","hentry"],"_links":{"self":[{"href":"https:\/\/chevaliersdecolomb3206.org\/index.php?rest_route=\/wp\/v2\/pages\/113","targetHints":{"allow":["GET"]}}],"collection":[{"href":"https:\/\/chevaliersdecolomb3206.org\/index.php?rest_route=\/wp\/v2\/pages"}],"about":[{"href":"https:\/\/chevaliersdecolomb3206.org\/index.php?rest_route=\/wp\/v2\/types\/page"}],"author":[{"embeddable":true,"href":"https:\/\/chevaliersdecolomb3206.org\/index.php?rest_route=\/wp\/v2\/users\/1"}],"replies":[{"embeddable":true,"href":"https:\/\/chevaliersdecolomb3206.org\/index.php?rest_route=%2Fwp%2Fv2%2Fcomments&post=113"}],"version-history":[{"count":7,"href":"https:\/\/chevaliersdecolomb3206.org\/index.php?rest_route=\/wp\/v2\/pages\/113\/revisions"}],"predecessor-version":[{"id":498,"href":"https:\/\/chevaliersdecolomb3206.org\/index.php?rest_route=\/wp\/v2\/pages\/113\/revisions\/498"}],"wp:attachment":[{"href":"https:\/\/chevaliersdecolomb3206.org\/index.php?rest_route=%2Fwp%2Fv2%2Fmedia&parent=113"}],"curies":[{"name":"wp","href":"https:\/\/api.w.org\/{rel}","templated":true}]}}